
{"id":2906,"date":"2018-11-27T21:56:53","date_gmt":"2018-11-27T20:56:53","guid":{"rendered":"https:\/\/laiteriedebelfaux.ch\/produit\/hausgemachtes-raclette-mit-pfeffer\/"},"modified":"2024-01-11T21:14:47","modified_gmt":"2024-01-11T20:14:47","slug":"hausgemachtes-raclette-mit-pfeffer","status":"publish","type":"product","link":"https:\/\/shop.laiteriedebelfaux.ch\/de\/produit\/hausgemachtes-raclette-mit-pfeffer\/","title":{"rendered":"Hausgemachtes Raclette mit Pfeffer"},"content":{"rendered":"<p><strong>Beschreibung<\/strong><\/p>\n<p>Die ausgezeichnete Qualit\u00e4t der Milch von K\u00fchen, die im Sommer mit Gras und im Winter mit Heu gef\u00fcttert werden, und die Erfahrung unserer K\u00e4sermeister garantieren einen au\u00dfergew\u00f6hnlichen, weichen und cremigen K\u00e4se.<\/p>\n","protected":false},"excerpt":{"rendered":"<p>in Scheiben<\/p>\n<p>CHF 2.80\/ 100 g<\/p>\n<p>3 Monate Reifezeit: vollmundig mit einem feinen Geschmack von gr\u00fcnem Pfeffer, w\u00fcrzig aber nicht scharf.<\/p>\n","protected":false},"featured_media":2713,"template":"","meta":[],"product_brand":[],"product_cat":[171,166,167],"product_tag":[173,182,180,174],"class_list":{"0":"post-2906","1":"product","2":"type-product","3":"status-publish","4":"has-post-thumbnail","6":"product_cat-halbhartkasesorten","7":"product_cat-kase-aus-belfaux","8":"product_cat-schweizer-kase","9":"product_tag-belfaux-de","10":"product_tag-kuh","11":"product_tag-raclette-de","12":"product_tag-schweiz","13":"product_shipping_class-forfaitaire-de","15":"first","16":"instock","17":"shipping-taxable","18":"purchasable","19":"product-type-variable"},"_links":{"self":[{"href":"https:\/\/shop.laiteriedebelfaux.ch\/de\/wp-json\/wp\/v2\/product\/2906","targetHints":{"allow":["GET"]}}],"collection":[{"href":"https:\/\/shop.laiteriedebelfaux.ch\/de\/wp-json\/wp\/v2\/product"}],"about":[{"href":"https:\/\/shop.laiteriedebelfaux.ch\/de\/wp-json\/wp\/v2\/types\/product"}],"wp:featuredmedia":[{"embeddable":true,"href":"https:\/\/shop.laiteriedebelfaux.ch\/de\/wp-json\/wp\/v2\/media\/2713"}],"wp:attachment":[{"href":"https:\/\/shop.laiteriedebelfaux.ch\/de\/wp-json\/wp\/v2\/media?parent=2906"}],"wp:term":[{"taxonomy":"product_brand","embeddable":true,"href":"https:\/\/shop.laiteriedebelfaux.ch\/de\/wp-json\/wp\/v2\/product_brand?post=2906"},{"taxonomy":"product_cat","embeddable":true,"href":"https:\/\/shop.laiteriedebelfaux.ch\/de\/wp-json\/wp\/v2\/product_cat?post=2906"},{"taxonomy":"product_tag","embeddable":true,"href":"https:\/\/shop.laiteriedebelfaux.ch\/de\/wp-json\/wp\/v2\/product_tag?post=2906"}],"curies":[{"name":"wp","href":"https:\/\/api.w.org\/{rel}","templated":true}]}}